{"id":12334,"date":"2020-07-06T19:19:43","date_gmt":"2020-07-06T18:19:43","guid":{"rendered":"http:\/\/www.academia-pradoventura.com\/?page_id=12334"},"modified":"2023-02-10T17:25:37","modified_gmt":"2023-02-10T16:25:37","slug":"campamentos-de-aleman-2","status":"publish","type":"page","link":"https:\/\/www.academia-pradoventura.com\/en\/espanol-campamentos-de-aleman\/","title":{"rendered":"campamentos de alem\u00e1n"},"content":{"rendered":"<p class=\"qtranxs-available-languages-message qtranxs-available-languages-message-en\">Sorry, this entry is only available in <a href=\"https:\/\/www.academia-pradoventura.com\/es\/wp-json\/wp\/v2\/pages\/12334\" class=\"qtranxs-available-language-link qtranxs-available-language-link-es\" title=\"Espa\u00f1ol\">Espa\u00f1ol<\/a>.<\/p><p><\/p>\n<div id=\"ez-toc-container\" class=\"ez-toc-v2_0_87 counter-hierarchy ez-toc-counter ez-toc-transparent ez-toc-container-direction\">\n<p class=\"ez-toc-title\" style=\"cursor:inherit\"><\/p>\n<label for=\"ez-toc-cssicon-toggle-item-6a981da874764\" class=\"ez-toc-cssicon-toggle-label\"><span class=\"\"><span class=\"eztoc-hide\" style=\"display:none;\">Toggle<\/span><span class=\"ez-toc-icon-toggle-span\"><svg style=\"fill: #999;color:#999\" xmlns=\"http:\/\/www.w3.org\/2000\/svg\" class=\"list-377408\" width=\"20px\" height=\"20px\" viewBox=\"0 0 24 24\" fill=\"none\"><path d=\"M6 6H4v2h2V6zm14 0H8v2h12V6zM4 11h2v2H4v-2zm16 0H8v2h12v-2zM4 16h2v2H4v-2zm16 0H8v2h12v-2z\" fill=\"currentColor\"><\/path><\/svg><svg style=\"fill: #999;color:#999\" class=\"arrow-unsorted-368013\" xmlns=\"http:\/\/www.w3.org\/2000\/svg\" width=\"10px\" height=\"10px\" viewBox=\"0 0 24 24\" version=\"1.2\" baseProfile=\"tiny\"><path d=\"M18.2 9.3l-6.2-6.3-6.2 6.3c-.2.2-.3.4-.3.7s.1.5.3.7c.2.2.4.3.7.3h11c.3 0 .5-.1.7-.3.2-.2.3-.5.3-.7s-.1-.5-.3-.7zM5.8 14.7l6.2 6.3 6.2-6.3c.2-.2.3-.5.3-.7s-.1-.5-.3-.7c-.2-.2-.4-.3-.7-.3h-11c-.3 0-.5.1-.7.3-.2.2-.3.5-.3.7s.1.5.3.7z\"\/><\/svg><\/span><\/span><\/label><input type=\"checkbox\"  id=\"ez-toc-cssicon-toggle-item-6a981da874764\"  aria-label=\"Toggle\" \/><nav><ul class='ez-toc-list ez-toc-list-level-1 ' ><li class='ez-toc-page-1 ez-toc-heading-level-1'><a class=\"ez-toc-link ez-toc-heading-1\" href=\"https:\/\/www.academia-pradoventura.com\/en\/espanol-campamentos-de-aleman\/#Campamentos_Outdoor_de_Aleman_Sierra_de_Cadiz_2023\" >Campamentos Outdoor de Alem\u00e1n Sierra de C\u00e1diz 2023<\/a><ul class='ez-toc-list-level-2' ><li class='ez-toc-heading-level-2'><a class=\"ez-toc-link ez-toc-heading-2\" href=\"https:\/\/www.academia-pradoventura.com\/en\/espanol-campamentos-de-aleman\/#Campamento_Outdoor_de_Aleman_para_Primaria\" >Campamento Outdoor de Alem\u00e1n para Primaria<\/a><\/li><li class='ez-toc-page-1 ez-toc-heading-level-2'><a class=\"ez-toc-link ez-toc-heading-3\" href=\"https:\/\/www.academia-pradoventura.com\/en\/espanol-campamentos-de-aleman\/#del_17_al_23_de_julio_de_2023\" >del 17 al 23 de julio de 2023<\/a><\/li><li class='ez-toc-page-1 ez-toc-heading-level-2'><a class=\"ez-toc-link ez-toc-heading-4\" href=\"https:\/\/www.academia-pradoventura.com\/en\/espanol-campamentos-de-aleman\/#Campamento_Outdoor_de_Aleman_para_Secundaria\" >Campamento Outdoor de Alem\u00e1n para Secundaria<\/a><\/li><li class='ez-toc-page-1 ez-toc-heading-level-2'><a class=\"ez-toc-link ez-toc-heading-5\" href=\"https:\/\/www.academia-pradoventura.com\/en\/espanol-campamentos-de-aleman\/#del_26_al_30_de_junio_de_2023\" >del 26 al 30 de junio de 2023<\/a><\/li><\/ul><\/li><\/ul><\/nav><\/div>\n<h1><span class=\"ez-toc-section\" id=\"Campamentos_Outdoor_de_Aleman_Sierra_de_Cadiz_2023\"><\/span>Campamentos Outdoor de Alem\u00e1n Sierra de C\u00e1diz 2023<span class=\"ez-toc-section-end\"><\/span><\/h1>\n<p>Desde el a\u00f1o 2008 el equipo de Academia Pradoventura se dedica a organizar y realizar campamentos de verano de inmersi\u00f3n ling\u00fc\u00edstica. Nuestros campamentos se caracterizan por el ambiente familiar y el espacio creativo que damos a los ni\u00f1os y ni\u00f1as donde pueden practicar el alem\u00e1n de forma divertida y ampliar as\u00ed sus habilidades de comprensi\u00f3n oral y su confianza para usar el alem\u00e1n como idioma de comunicaci\u00f3n. Los ni\u00f1os captan el idioma al vuelo realizando actividades interesantes y variadas en alem\u00e1n durante todo el d\u00eda. Los campamentos de inmersi\u00f3n en alem\u00e1n est\u00e1n dise\u00f1ados para aquellos ni\u00f1os que est\u00e9n ya en un proceso de aprendizaje de la lengua alemana.<\/p>\n<h3>Abierta la convocatoria de la 4\u00aa edici\u00f3n<\/h3>\n<p>Este a\u00f1o como novedad organizamos dos campamentos, uno para primaria y otro para secundaria. As\u00ed enfocamos las actividades a cada grupo de edad.<\/p>\n<h2><span class=\"ez-toc-section\" id=\"Campamento_Outdoor_de_Aleman_para_Primaria\"><\/span>Campamento Outdoor de Alem\u00e1n para Primaria<span class=\"ez-toc-section-end\"><\/span><\/h2>\n<h2><span class=\"ez-toc-section\" id=\"del_17_al_23_de_julio_de_2023\"><\/span>del 17 al 23 de julio de 2023<span class=\"ez-toc-section-end\"><\/span><\/h2>\n<p>Todas las actividades est\u00e1n cuidadosamente seleccionadas para ni\u00f1os y ni\u00f1as entre<strong> 8 y 12 a\u00f1os.\u00a0<\/strong><\/p>\n<p><a title=\"Campamento de Alem\u00e1n para Secundaria 2023\" href=\"https:\/\/www.academia-pradoventura.com\/campamento-de-aleman-secundaria\/\" target=\"_blank\" rel=\"noopener\">\u21d2 M\u00e1s informaci\u00f3n<\/a><br \/>\n<img loading=\"lazy\" decoding=\"async\" class=\"alignnone size-full wp-image-14747\" src=\"https:\/\/www.academia-pradoventura.com\/wp-content\/uploads\/2023\/02\/Campamento-Outdoor-de-Aleman-Primaria-2023-1.png\" alt=\"\" width=\"924\" height=\"520\" srcset=\"https:\/\/www.academia-pradoventura.com\/wp-content\/uploads\/2023\/02\/Campamento-Outdoor-de-Aleman-Primaria-2023-1.png 924w, https:\/\/www.academia-pradoventura.com\/wp-content\/uploads\/2023\/02\/Campamento-Outdoor-de-Aleman-Primaria-2023-1-300x169.png 300w, https:\/\/www.academia-pradoventura.com\/wp-content\/uploads\/2023\/02\/Campamento-Outdoor-de-Aleman-Primaria-2023-1-768x432.png 768w\" sizes=\"auto, (max-width: 924px) 100vw, 924px\" \/><br \/>\n<a href=\"https:\/\/www.academia-pradoventura.com\/wp-content\/uploads\/2023\/02\/Campamento-Outdoor-de-Aleman-Primaria-2023.pdf\" target=\"_blank\" rel=\"noopener\">Descarga el cartel en PDF<\/a><\/p>\n<h2><span class=\"ez-toc-section\" id=\"Campamento_Outdoor_de_Aleman_para_Secundaria\"><\/span>Campamento Outdoor de Alem\u00e1n para Secundaria<span class=\"ez-toc-section-end\"><\/span><\/h2>\n<h2><span class=\"ez-toc-section\" id=\"del_26_al_30_de_junio_de_2023\"><\/span>del 26 al 30 de junio de 2023<span class=\"ez-toc-section-end\"><\/span><\/h2>\n<p>Todas las actividades est\u00e1n cuidadosamente seleccionadas para j\u00f3venes entre <strong>13 a 15 a\u00f1os<\/strong>.<\/p>\n<a title=\"Campamento de Alem\u00e1n para Secundaria 2023\" href=\"https:\/\/www.academia-pradoventura.com\/campamento-de-aleman-secundaria\/\" target=\"_blank\" rel=\"noopener\">\u21d2 M\u00e1s informaci\u00f3n<\/a><br \/><img loading=\"lazy\" decoding=\"async\" class=\"alignnone size-full wp-image-14754\" src=\"https:\/\/www.academia-pradoventura.com\/wp-content\/uploads\/2023\/02\/Campamento-Outdoor-de-Aleman-Secundaria-Junio-2023-2.png\" alt=\"\" width=\"938\" height=\"510\" srcset=\"https:\/\/www.academia-pradoventura.com\/wp-content\/uploads\/2023\/02\/Campamento-Outdoor-de-Aleman-Secundaria-Junio-2023-2.png 938w, https:\/\/www.academia-pradoventura.com\/wp-content\/uploads\/2023\/02\/Campamento-Outdoor-de-Aleman-Secundaria-Junio-2023-2-300x163.png 300w, https:\/\/www.academia-pradoventura.com\/wp-content\/uploads\/2023\/02\/Campamento-Outdoor-de-Aleman-Secundaria-Junio-2023-2-768x418.png 768w\" sizes=\"auto, (max-width: 938px) 100vw, 938px\" \/>\n<p><a href=\"https:\/\/www.academia-pradoventura.com\/wp-content\/uploads\/2023\/02\/Campamento-Outdoor-de-Aleman-Secundaria-Junio-2023.pdf\" target=\"_blank\" rel=\"noopener\">Descarga el cartel en PDF<\/a><\/p>\n<p>&nbsp;<\/p>","protected":false},"excerpt":{"rendered":"<p>Sorry, this entry is only available in Espa\u00f1ol. Campamentos Outdoor de Alem\u00e1n Sierra de C\u00e1diz 2023 Desde el a\u00f1o 2008 el equipo de Academia Pradoventura se dedica a organizar y realizar campamentos de verano de inmersi\u00f3n ling\u00fc\u00edstica. Nuestros campamentos se caracterizan por el ambiente familiar y el espacio creativo que damos a los ni\u00f1os y&#8230;  <a href=\"https:\/\/www.academia-pradoventura.com\/en\/espanol-campamentos-de-aleman\/\" title=\"Read campamentos de alem\u00e1n\">Read more &raquo;<\/a><\/p>\n","protected":false},"author":2,"featured_media":0,"parent":0,"menu_order":0,"comment_status":"closed","ping_status":"closed","template":"","meta":{"footnotes":""},"class_list":["post-12334","page","type-page","status-publish","hentry"],"aioseo_notices":[],"aioseo_head":"\n\t\t<!-- All in One SEO 5.0.1 - aioseo.com -->\n\t<meta name=\"description\" content=\"Sorry, this entry is only available in Espa\u00f1ol.Campamentos Outdoor de Alem\u00e1n Sierra de C\u00e1diz 2023 Desde el a\u00f1o 2008 el equipo de Academia Pradoventura se dedica a organizar y realizar campamentos de verano de inmersi\u00f3n ling\u00fc\u00edstica. Nuestros campamentos se caracterizan por el ambiente familiar y el espacio creativo que damos a los ni\u00f1os y ni\u00f1as\" \/>\n\t<meta name=\"robots\" content=\"max-snippet:-1, max-image-preview:large, max-video-preview:-1\" \/>\n\t<meta name=\"google-site-verification\" content=\"vSNwpbyf_AcVLgNLOwNkOcHIdnTJQ33e-tBQsJdV0s\" \/>\n\t<meta name=\"msvalidate.01\" content=\"E6C31FFA51819FAFCB48E12EE6F60DA5\" \/>\n\t<meta name=\"p:domain_verify\" content=\"nsw-0mj4pyt335diw9sh8p99hy548rfv1qyx9my8sv337vg-g3x049lymwg599ajc-tpkvn3l914v5h09052v-i8w8ewjbmh9rjn4x8zpodpd1mrr8ciqpn7b0cxjayrdwc-\" \/>\n\t<link rel=\"canonical\" href=\"https:\/\/www.academia-pradoventura.com\/en\/espanol-campamentos-de-aleman\/\" \/>\n\t<meta name=\"generator\" content=\"All in One SEO (AIOSEO) 5.0.1\" \/>\n\t\t<meta property=\"og:locale\" content=\"en_US\" \/>\n\t\t<meta property=\"og:site_name\" content=\"Cursos de ingl\u00e9s, alem\u00e1n, espa\u00f1ol en Prado del Rey, Sierra de C\u00e1diz, Andaluc\u00eda, Espa\u00f1a\" \/>\n\t\t<meta property=\"og:type\" content=\"website\" \/>\n\t\t<meta property=\"og:title\" content=\"campamentos de alem\u00e1n | 2026\" \/>\n\t\t<meta property=\"og:description\" content=\"Sorry, this entry is only available in Espa\u00f1ol.Campamentos Outdoor de Alem\u00e1n Sierra de C\u00e1diz 2023 Desde el a\u00f1o 2008 el equipo de Academia Pradoventura se dedica a organizar y realizar campamentos de verano de inmersi\u00f3n ling\u00fc\u00edstica. Nuestros campamentos se caracterizan por el ambiente familiar y el espacio creativo que damos a los ni\u00f1os y ni\u00f1as\" \/>\n\t\t<meta property=\"og:url\" content=\"https:\/\/www.academia-pradoventura.com\/en\/espanol-campamentos-de-aleman\/\" \/>\n\t\t<meta name=\"twitter:card\" content=\"summary_large_image\" \/>\n\t\t<meta name=\"twitter:title\" content=\"campamentos de alem\u00e1n | 2026\" \/>\n\t\t<meta name=\"twitter:description\" content=\"Sorry, this entry is only available in Espa\u00f1ol.Campamentos Outdoor de Alem\u00e1n Sierra de C\u00e1diz 2023 Desde el a\u00f1o 2008 el equipo de Academia Pradoventura se dedica a organizar y realizar campamentos de verano de inmersi\u00f3n ling\u00fc\u00edstica. Nuestros campamentos se caracterizan por el ambiente familiar y el espacio creativo que damos a los ni\u00f1os y ni\u00f1as\" \/>\n\t\t<script type=\"application\/ld+json\" class=\"aioseo-schema\">\n\t\t\t{\"@context\":\"https:\\\/\\\/schema.org\",\"@graph\":[{\"@type\":\"BreadcrumbList\",\"@id\":\"https:\\\/\\\/www.academia-pradoventura.com\\\/en\\\/espanol-campamentos-de-aleman\\\/#breadcrumblist\",\"itemListElement\":[{\"@type\":\"ListItem\",\"@id\":\"https:\\\/\\\/www.academia-pradoventura.com\\\/en#listItem\",\"position\":1,\"name\":\"Home\",\"item\":\"https:\\\/\\\/www.academia-pradoventura.com\\\/en\",\"nextItem\":{\"@type\":\"ListItem\",\"@id\":\"https:\\\/\\\/www.academia-pradoventura.com\\\/en\\\/espanol-campamentos-de-aleman\\\/#listItem\",\"name\":\"campamentos de alem\\u00e1n\"}},{\"@type\":\"ListItem\",\"@id\":\"https:\\\/\\\/www.academia-pradoventura.com\\\/en\\\/espanol-campamentos-de-aleman\\\/#listItem\",\"position\":2,\"name\":\"campamentos de alem\\u00e1n\",\"previousItem\":{\"@type\":\"ListItem\",\"@id\":\"https:\\\/\\\/www.academia-pradoventura.com\\\/en#listItem\",\"name\":\"Home\"}}]},{\"@type\":\"Organization\",\"@id\":\"https:\\\/\\\/www.academia-pradoventura.com\\\/en\\\/#organization\",\"name\":\"Spanish courses in Andalucia, Spain\",\"description\":\"Academia Pradoventura\",\"url\":\"https:\\\/\\\/www.academia-pradoventura.com\\\/en\\\/\"},{\"@type\":\"WebPage\",\"@id\":\"https:\\\/\\\/www.academia-pradoventura.com\\\/en\\\/espanol-campamentos-de-aleman\\\/#webpage\",\"url\":\"https:\\\/\\\/www.academia-pradoventura.com\\\/en\\\/espanol-campamentos-de-aleman\\\/\",\"name\":\"campamentos de alem\\u00e1n | 2026\",\"description\":\"Sorry, this entry is only available in Espa\\u00f1ol.Campamentos Outdoor de Alem\\u00e1n Sierra de C\\u00e1diz 2023 Desde el a\\u00f1o 2008 el equipo de Academia Pradoventura se dedica a organizar y realizar campamentos de verano de inmersi\\u00f3n ling\\u00fc\\u00edstica. Nuestros campamentos se caracterizan por el ambiente familiar y el espacio creativo que damos a los ni\\u00f1os y ni\\u00f1as\",\"inLanguage\":\"en-US\",\"isPartOf\":{\"@id\":\"https:\\\/\\\/www.academia-pradoventura.com\\\/en\\\/#website\"},\"breadcrumb\":{\"@id\":\"https:\\\/\\\/www.academia-pradoventura.com\\\/en\\\/espanol-campamentos-de-aleman\\\/#breadcrumblist\"},\"datePublished\":\"2020-07-06T19:19:43+02:00\",\"dateModified\":\"2023-02-10T17:25:37+01:00\"},{\"@type\":\"WebSite\",\"@id\":\"https:\\\/\\\/www.academia-pradoventura.com\\\/en\\\/#website\",\"url\":\"https:\\\/\\\/www.academia-pradoventura.com\\\/en\\\/\",\"name\":\"Spanish courses in Andalucia, Spain\",\"description\":\"Academia Pradoventura\",\"inLanguage\":\"en-US\",\"publisher\":{\"@id\":\"https:\\\/\\\/www.academia-pradoventura.com\\\/en\\\/#organization\"}}]}\n\t\t<\/script>\n\t\t<!-- All in One SEO -->\n\n","aioseo_head_json":{"title":"campamentos de alem\u00e1n | 2026","description":"Sorry, this entry is only available in Espa\u00f1ol.Campamentos Outdoor de Alem\u00e1n Sierra de C\u00e1diz 2023 Desde el a\u00f1o 2008 el equipo de Academia Pradoventura se dedica a organizar y realizar campamentos de verano de inmersi\u00f3n ling\u00fc\u00edstica. Nuestros campamentos se caracterizan por el ambiente familiar y el espacio creativo que damos a los ni\u00f1os y ni\u00f1as","canonical_url":"https:\/\/www.academia-pradoventura.com\/en\/espanol-campamentos-de-aleman\/","robots":"max-snippet:-1, max-image-preview:large, max-video-preview:-1","keywords":"","webmasterTools":{"google-site-verification":"vSNwpbyf_AcVLgNLOwNkOcHIdnTJQ33e-tBQsJdV0s","msvalidate.01":"E6C31FFA51819FAFCB48E12EE6F60DA5","p:domain_verify":"nsw-0mj4pyt335diw9sh8p99hy548rfv1qyx9my8sv337vg-g3x049lymwg599ajc-tpkvn3l914v5h09052v-i8w8ewjbmh9rjn4x8zpodpd1mrr8ciqpn7b0cxjayrdwc-","miscellaneous":""},"schema":{"@context":"https:\/\/schema.org","@graph":[{"@type":"BreadcrumbList","@id":"https:\/\/www.academia-pradoventura.com\/en\/espanol-campamentos-de-aleman\/#breadcrumblist","itemListElement":[{"@type":"ListItem","@id":"https:\/\/www.academia-pradoventura.com\/en#listItem","position":1,"name":"Home","item":"https:\/\/www.academia-pradoventura.com\/en","nextItem":{"@type":"ListItem","@id":"https:\/\/www.academia-pradoventura.com\/en\/espanol-campamentos-de-aleman\/#listItem","name":"campamentos de alem\u00e1n"}},{"@type":"ListItem","@id":"https:\/\/www.academia-pradoventura.com\/en\/espanol-campamentos-de-aleman\/#listItem","position":2,"name":"campamentos de alem\u00e1n","previousItem":{"@type":"ListItem","@id":"https:\/\/www.academia-pradoventura.com\/en#listItem","name":"Home"}}]},{"@type":"Organization","@id":"https:\/\/www.academia-pradoventura.com\/en\/#organization","name":"Spanish courses in Andalucia, Spain","description":"Academia Pradoventura","url":"https:\/\/www.academia-pradoventura.com\/en\/"},{"@type":"WebPage","@id":"https:\/\/www.academia-pradoventura.com\/en\/espanol-campamentos-de-aleman\/#webpage","url":"https:\/\/www.academia-pradoventura.com\/en\/espanol-campamentos-de-aleman\/","name":"campamentos de alem\u00e1n | 2026","description":"Sorry, this entry is only available in Espa\u00f1ol.Campamentos Outdoor de Alem\u00e1n Sierra de C\u00e1diz 2023 Desde el a\u00f1o 2008 el equipo de Academia Pradoventura se dedica a organizar y realizar campamentos de verano de inmersi\u00f3n ling\u00fc\u00edstica. Nuestros campamentos se caracterizan por el ambiente familiar y el espacio creativo que damos a los ni\u00f1os y ni\u00f1as","inLanguage":"en-US","isPartOf":{"@id":"https:\/\/www.academia-pradoventura.com\/en\/#website"},"breadcrumb":{"@id":"https:\/\/www.academia-pradoventura.com\/en\/espanol-campamentos-de-aleman\/#breadcrumblist"},"datePublished":"2020-07-06T19:19:43+02:00","dateModified":"2023-02-10T17:25:37+01:00"},{"@type":"WebSite","@id":"https:\/\/www.academia-pradoventura.com\/en\/#website","url":"https:\/\/www.academia-pradoventura.com\/en\/","name":"Spanish courses in Andalucia, Spain","description":"Academia Pradoventura","inLanguage":"en-US","publisher":{"@id":"https:\/\/www.academia-pradoventura.com\/en\/#organization"}}]},"og:locale":"en_US","og:site_name":"Cursos de ingl\u00e9s, alem\u00e1n, espa\u00f1ol en Prado del Rey, Sierra de C\u00e1diz, Andaluc\u00eda, Espa\u00f1a","og:type":"website","og:title":"campamentos de alem\u00e1n | 2026","og:description":"Sorry, this entry is only available in Espa\u00f1ol.Campamentos Outdoor de Alem\u00e1n Sierra de C\u00e1diz 2023 Desde el a\u00f1o 2008 el equipo de Academia Pradoventura se dedica a organizar y realizar campamentos de verano de inmersi\u00f3n ling\u00fc\u00edstica. Nuestros campamentos se caracterizan por el ambiente familiar y el espacio creativo que damos a los ni\u00f1os y ni\u00f1as","og:url":"https:\/\/www.academia-pradoventura.com\/en\/espanol-campamentos-de-aleman\/","twitter:card":"summary_large_image","twitter:title":"campamentos de alem\u00e1n | 2026","twitter:description":"Sorry, this entry is only available in Espa\u00f1ol.Campamentos Outdoor de Alem\u00e1n Sierra de C\u00e1diz 2023 Desde el a\u00f1o 2008 el equipo de Academia Pradoventura se dedica a organizar y realizar campamentos de verano de inmersi\u00f3n ling\u00fc\u00edstica. Nuestros campamentos se caracterizan por el ambiente familiar y el espacio creativo que damos a los ni\u00f1os y ni\u00f1as"},"aioseo_meta_data":{"post_id":"12334","title":"#post_title | #current_year &nbsp;","description":null,"keywords":[],"keyphrases":{"focus":{"keyphrase":"","score":0,"analysis":{"keyphraseInTitle":{"score":0,"maxScore":9,"error":1}}},"additional":[]},"primary_term":null,"canonical_url":null,"og_title":null,"og_description":null,"og_object_type":"website","og_image_type":"default","og_image_url":null,"og_image_width":null,"og_image_height":null,"og_image_custom_url":null,"og_image_custom_fields":null,"og_video":"","og_custom_url":null,"og_article_section":null,"og_article_tags":[],"twitter_use_og":false,"twitter_card":"summary_large_image","twitter_image_type":"default","twitter_image_url":null,"twitter_image_custom_url":null,"twitter_image_custom_fields":null,"twitter_title":null,"twitter_description":null,"schema":{"blockGraphs":[],"customGraphs":[],"default":{"data":{"Article":[],"Course":[],"Dataset":[],"FAQPage":[],"Movie":[],"Person":[],"Product":[],"ProductReview":[],"Car":[],"Recipe":[],"Service":[],"SoftwareApplication":[],"WebPage":[]},"graphName":"WebPage","isEnabled":true},"graphs":[],"defaultGraph":"","defaultPostTypeGraph":""},"schema_type":"none","schema_type_options":"{\"article\":{\"articleType\":\"BlogPosting\"},\"course\":{\"name\":\"\",\"description\":\"\",\"provider\":\"\"},\"faq\":{\"pages\":[]},\"product\":{\"reviews\":[]},\"recipe\":{\"ingredients\":[],\"instructions\":[],\"keywords\":[]},\"software\":{\"reviews\":[],\"operatingSystems\":[]},\"webPage\":{\"webPageType\":\"WebPage\"},\"book\":[],\"event\":[],\"jobPosting\":[],\"music\":[],\"person\":[],\"restaurant\":[],\"service\":[],\"video\":[]}","pillar_content":false,"robots_default":true,"robots_noindex":false,"robots_noarchive":false,"robots_nosnippet":false,"robots_nofollow":false,"robots_noimageindex":false,"robots_noodp":false,"robots_notranslate":false,"robots_max_snippet":"-1","robots_max_videopreview":"-1","robots_max_imagepreview":"large","priority":null,"frequency":"default","local_seo":null,"breadcrumb_settings":null,"limit_modified_date":false,"ai":null,"created":"2021-02-01 22:14:15","updated":"2025-06-04 07:46:48","seo_analyzer_scan_date":null,"focus_keyword":null,"additional_keywords":null,"truseo_locale":null},"aioseo_breadcrumb":"<div class=\"aioseo-breadcrumbs\"><span class=\"aioseo-breadcrumb\">\n\t\t\t<a href=\"https:\/\/www.academia-pradoventura.com\/en\" title=\"Home\">Home<\/a>\n\t\t<\/span><span class=\"aioseo-breadcrumb-separator\">&raquo;<\/span><span class=\"aioseo-breadcrumb\">\n\t\t\tcampamentos de alem\u00e1n\n\t\t<\/span><\/div>","aioseo_breadcrumb_json":[{"label":"Home","link":"https:\/\/www.academia-pradoventura.com\/en"},{"label":"campamentos de alem\u00e1n","link":"https:\/\/www.academia-pradoventura.com\/en\/espanol-campamentos-de-aleman\/"}],"_links":{"self":[{"href":"https:\/\/www.academia-pradoventura.com\/en\/wp-json\/wp\/v2\/pages\/12334","targetHints":{"allow":["GET"]}}],"collection":[{"href":"https:\/\/www.academia-pradoventura.com\/en\/wp-json\/wp\/v2\/pages"}],"about":[{"href":"https:\/\/www.academia-pradoventura.com\/en\/wp-json\/wp\/v2\/types\/page"}],"author":[{"embeddable":true,"href":"https:\/\/www.academia-pradoventura.com\/en\/wp-json\/wp\/v2\/users\/2"}],"replies":[{"embeddable":true,"href":"https:\/\/www.academia-pradoventura.com\/en\/wp-json\/wp\/v2\/comments?post=12334"}],"version-history":[{"count":0,"href":"https:\/\/www.academia-pradoventura.com\/en\/wp-json\/wp\/v2\/pages\/12334\/revisions"}],"wp:attachment":[{"href":"https:\/\/www.academia-pradoventura.com\/en\/wp-json\/wp\/v2\/media?parent=12334"}],"curies":[{"name":"wp","href":"https:\/\/api.w.org\/{rel}","templated":true}]}}